{"version":"1.0","provider_name":"Rita medi\u00e1tor","provider_url":"https:\/\/ritamediator.cafeblog.hu","author_name":"Rita","author_url":"https:\/\/ritamediator.cafeblog.hu\/author\/infofazekasrita-hu\/","title":"Mindennapi Medi\u00e1tor","html":"Egy \u00faj gondolat fogalmaz\u00f3dott meg bennem n\u00e9h\u00e1ny h\u00f3nappal ezel\u0151tt! Ennek els\u0151 eredm\u00e9nye lett a \"Mindennapi Medi\u00e1tor \" l\u00e9trej\u00f6tte. Aki \u00fagy \u00e9rzi, hogy szeretn\u00e9 haszn\u00e1lni, de csak otthon vagy csak sz\u0171k k\u00f6rben, <a title=\"Mindennapi Medi\u00e1tor a Werkakad\u00e9mi\u00e1n\" href=\"http:\/\/www.werkakademia.hu\/szakok\/mediator-workshop\" target=\"_blank\">kattintson, \u00e9s minden fontos inform\u00e1ci\u00f3t megtudhat!<\/a>\r\n\r\n&nbsp;\r\n<p style=\"text-align: center\"><a href=\"https:\/\/ritamediator.cafeblog.hu\/files\/2012\/10\/v\u00e1rfalon.jpg\"><img class=\"aligncenter size-medium wp-image-69\" alt=\"Egy hegy nem hegy\" src=\"https:\/\/ritamediator.cafeblog.hu\/files\/2012\/10\/v\u00e1rfalon-225x300.jpg\" width=\"225\" height=\"300\" \/><\/a><\/p>","type":"rich"}